{"id":884,"date":"2020-08-22T16:58:40","date_gmt":"2020-08-22T16:58:40","guid":{"rendered":"https:\/\/wildwestartistmanagement.com\/?post_type=project&#038;p=884\/"},"modified":"2023-12-01T16:49:14","modified_gmt":"2023-12-01T16:49:14","slug":"dr-trevor-w-payne-c-m","status":"publish","type":"project","link":"https:\/\/wildwestartistmanagement.com\/fr\/project\/dr-trevor-w-payne-c-m\/","title":{"rendered":"Dr. Trevor W. Payne, C.M."},"content":{"rendered":"<p>[et_pb_section fb_built=&#8221;1&#8243; fullwidth=&#8221;on&#8221; _builder_version=&#8221;4.16&#8243; _module_preset=&#8221;default&#8221; global_colors_info=&#8221;{}&#8221;][et_pb_fullwidth_image src=&#8221;https:\/\/wildwestartistmanagement.com\/wp-content\/uploads\/2017\/09\/three-3.jpg&#8221; title_text=&#8221;three (3)&#8221; _builder_version=&#8221;4.16&#8243; _module_preset=&#8221;default&#8221; global_colors_info=&#8221;{}&#8221;][\/et_pb_fullwidth_image][\/et_pb_section][et_pb_section fb_built=&#8221;1&#8243; admin_label=&#8221;Section&#8221; module_id=&#8221;description-section&#8221; _builder_version=&#8221;4.16&#8243; global_colors_info=&#8221;{}&#8221;][et_pb_row admin_label=&#8221;Row&#8221; _builder_version=&#8221;4.16&#8243; background_size=&#8221;initial&#8221; background_position=&#8221;top_left&#8221; background_repeat=&#8221;repeat&#8221; global_colors_info=&#8221;{}&#8221;][et_pb_column type=&#8221;4_4&#8243; _builder_version=&#8221;4.16&#8243; custom_padding=&#8221;|||&#8221; global_colors_info=&#8221;{}&#8221; custom_padding__hover=&#8221;|||&#8221;][et_pb_text admin_label=&#8221;Name&#8221; module_id=&#8221;title&#8221; _builder_version=&#8221;4.16&#8243; custom_padding=&#8221;41px|||||&#8221; border_style=&#8221;solid&#8221; global_colors_info=&#8221;{}&#8221;]<\/p>\n<h1 style=\"text-align: center;\"><a class=\"row-title\" href=\"https:\/\/wildwestartistmanagement.com\/wp-admin\/post.php?post=883&amp;action=edit&amp;lang=en\" aria-label=\"\u201cDr. Trevor W. Payne, C.M.\u201d (Edit)\">Dr. Trevor W. Payne, C.M.<\/a><\/h1>\n<p>[\/et_pb_text][\/et_pb_column][\/et_pb_row][et_pb_row _builder_version=&#8221;4.23.1&#8243; _module_preset=&#8221;default&#8221; custom_padding=&#8221;||||false|false&#8221; global_colors_info=&#8221;{}&#8221;][et_pb_column type=&#8221;4_4&#8243; _builder_version=&#8221;4.16&#8243; _module_preset=&#8221;default&#8221; global_colors_info=&#8221;{}&#8221;][et_pb_social_media_follow _builder_version=&#8221;4.23.1&#8243; _module_preset=&#8221;default&#8221; background_color=&#8221;rgba(0,0,0,0)&#8221; text_orientation=&#8221;center&#8221; custom_padding=&#8221;||||false|false&#8221; global_colors_info=&#8221;{}&#8221;][et_pb_social_media_follow_network social_network=&#8221;facebook&#8221; url=&#8221;https:\/\/www.facebook.com\/trevor.w.payne&#8221; _builder_version=&#8221;4.16&#8243; _module_preset=&#8221;default&#8221; background_color=&#8221;#000000&#8243; background_enable_color=&#8221;on&#8221; global_colors_info=&#8221;{}&#8221; follow_button=&#8221;off&#8221; url_new_window=&#8221;on&#8221;]facebook[\/et_pb_social_media_follow_network][et_pb_social_media_follow_network social_network=&#8221;tumblr&#8221; url=&#8221;https:\/\/www.amazon.com\/s?k=montreal+jubilation+gospel+choir&#038;crid=2Q15EF3WVAJUE&#038;sprefix=montreal+jubilation+%2Caps%2C139&#038;ref=nb_sb_ss_ts-a-p_1_20&#8243; _builder_version=&#8221;4.16&#8243; _module_preset=&#8221;default&#8221; background_color=&#8221;#000000&#8243; background_enable_color=&#8221;on&#8221; global_colors_info=&#8221;{}&#8221; follow_button=&#8221;off&#8221; url_new_window=&#8221;on&#8221;]tumblr[\/et_pb_social_media_follow_network][et_pb_social_media_follow_network social_network=&#8221;youtube&#8221; url=&#8221;https:\/\/www.youtube.com\/channel\/UCzerU_e76AlL5vbzVTZAhlw\/featured&#8221; icon_color=&#8221;#ffffff&#8221; _builder_version=&#8221;4.16&#8243; _module_preset=&#8221;default&#8221; background_color=&#8221;#000000&#8243; background_enable_color=&#8221;on&#8221; global_colors_info=&#8221;{}&#8221; follow_button=&#8221;off&#8221; url_new_window=&#8221;on&#8221;]youtube[\/et_pb_social_media_follow_network][et_pb_social_media_follow_network social_network=&#8221;vimeo&#8221; url=&#8221;https:\/\/open.spotify.com\/artist\/6ln4T1cZYoD7GIKlmKnZtp?si=4854pahOS4isNGf0e1IoWw&#8221; _builder_version=&#8221;4.16&#8243; _module_preset=&#8221;default&#8221; background_color=&#8221;#000000&#8243; background_enable_color=&#8221;on&#8221; global_colors_info=&#8221;{}&#8221; follow_button=&#8221;off&#8221; url_new_window=&#8221;on&#8221;]vimeo[\/et_pb_social_media_follow_network][et_pb_social_media_follow_network social_network=&#8221;pinterest&#8221; url=&#8221;https:\/\/music.apple.com\/us\/artist\/montreal-jubilation-gospel-choir\/46607710&#8243; _builder_version=&#8221;4.16&#8243; _module_preset=&#8221;default&#8221; background_color=&#8221;#000000&#8243; background_enable_color=&#8221;on&#8221; global_colors_info=&#8221;{}&#8221; follow_button=&#8221;off&#8221; url_new_window=&#8221;on&#8221;]pinterest[\/et_pb_social_media_follow_network][\/et_pb_social_media_follow][\/et_pb_column][\/et_pb_row][et_pb_row _builder_version=&#8221;4.16&#8243; _module_preset=&#8221;default&#8221; global_colors_info=&#8221;{}&#8221;][et_pb_column type=&#8221;4_4&#8243; _builder_version=&#8221;4.16&#8243; _module_preset=&#8221;default&#8221; global_colors_info=&#8221;{}&#8221;][et_pb_button button_url=&#8221;http:\/\/jubilationchoir.com\/&#8221; button_text=&#8221;Site Web&#8221; button_alignment=&#8221;center&#8221; _builder_version=&#8221;4.16&#8243; _module_preset=&#8221;default&#8221; custom_button=&#8221;on&#8221; button_text_color=&#8221;#000000&#8243; button_icon=&#8221;&#xe02c;||divi||400&#8243; global_colors_info=&#8221;{}&#8221;][\/et_pb_button][\/et_pb_column][\/et_pb_row][et_pb_row column_structure=&#8221;1_2,1_2&#8243; admin_label=&#8221;Row&#8221; _builder_version=&#8221;4.16&#8243; background_size=&#8221;initial&#8221; background_position=&#8221;top_left&#8221; background_repeat=&#8221;repeat&#8221; global_colors_info=&#8221;{}&#8221;][et_pb_column type=&#8221;1_2&#8243; _builder_version=&#8221;4.16&#8243; custom_padding=&#8221;|||&#8221; global_colors_info=&#8221;{}&#8221; custom_padding__hover=&#8221;|||&#8221;][et_pb_text admin_label=&#8221;Biography&#8221; _builder_version=&#8221;4.16&#8243; border_style=&#8221;solid&#8221; global_colors_info=&#8221;{}&#8221;]<\/p>\n<h2>Biographie<\/h2>\n<hr \/>\n<p>[\/et_pb_text][\/et_pb_column][et_pb_column type=&#8221;1_2&#8243; _builder_version=&#8221;4.16&#8243; custom_padding=&#8221;|||&#8221; global_colors_info=&#8221;{}&#8221; custom_padding__hover=&#8221;|||&#8221;][\/et_pb_column][\/et_pb_row][et_pb_row admin_label=&#8221;Row&#8221; module_id=&#8221;biography&#8221; _builder_version=&#8221;4.16&#8243; global_colors_info=&#8221;{}&#8221;][et_pb_column type=&#8221;4_4&#8243; _builder_version=&#8221;4.16&#8243; background_position=&#8221;top_left&#8221; custom_padding=&#8221;|||&#8221; global_colors_info=&#8221;{}&#8221; custom_padding__hover=&#8221;|||&#8221;][et_pb_text admin_label=&#8221;biography&#8221; _builder_version=&#8221;4.23.1&#8243; hover_enabled=&#8221;0&#8243; border_style=&#8221;solid&#8221; global_colors_info=&#8221;{}&#8221; sticky_enabled=&#8221;0&#8243;]<\/p>\n<p><strong>Trevor W. Payne<\/strong> a dix ans quand sa famille quitte la Barbade pour venir s\u2019installer \u00e0 Montreal. Il se consid\u00e8re comme un Montrealais \u00e0 part enti\u00e8re depuis lors.<\/p>\n<p>Il conna\u00eet du succ\u00e8s au cours des ann\u00e9es soixante avec le groupe \u201cTrevor Payne and the Triangle\u201d (plus tard \u201cKanda Kanda\u201d). Le groupe joue aux c\u00f4t\u00e9s de Van Morrison, The Jefferson Airplane, The Doors, April Wine, Jethro Tull, Joe Cocker, Johnny Winter et plusieurs autres\u2026<\/p>\n<p>En 1971, se sentant restreint par la relative simplicit\u00e9 de la musique rock et d\u00e9sirant parfaire ses connaissances musicales, Payne quitte le groupe et s\u2019inscrit \u00e0 la Facult\u00e9 de Musique de l\u2019Universit\u00e9 McGill de Montreal. Il joue du piano, de l\u2019orgue, du saxophone, du violoncelle et diff\u00e9rentes percussions.<\/p>\n<p>En 1974, le Montreal Black Community Youth Choir (MBCYC) a \u00e9t\u00e9 fond\u00e9 par Trevor W. Payne et Daisy Peterson Sweeney (la s\u0153ur d\u2019Oscar Peterson) \u00e0 l\u2019\u00e9glise Union United avec le Ministre Frank B. Gabourel. Pendant les huit ann\u00e9es suivantes, le MBCYC a donn\u00e9 de nombreux concerts dans diverses \u00e9glises et salles au Canada, y compris deux concerts sur demande au Pacific National Exhibition \u00e0 Vancouver; a tourn\u00e9 aux \u00c9tats-Unis, et a enregistr\u00e9 deux albums.<\/p>\n<p>En 1982, le MBCYC a rejoint les forces avec la chorale des a\u00een\u00e9s de l\u2019\u00e9glise Union United pour un concert commun, dirig\u00e9 par le professeur Payne afin de c\u00e9l\u00e9brer le 75e anniversaire de la plus ancienne \u00e9glise noire \u00e0 Montr\u00e9al. En raison du succ\u00e8s de cet \u00e9v\u00e9nement, auquel Oliver Jones, Ranee Lee et Charlie Biddle ont \u00e9galement particip\u00e9, le Montreal Jubilation Gospel Choir a \u00e9t\u00e9 form\u00e9.<\/p>\n<p>D\u00e8s la sortie de son premier album \u201cHighway to Heaven\u201d, le MJGC se m\u00e9rite le prix \u201cL\u2019artiste s\u2019\u00e9tant le plus illustr\u00e9 sur disque\u201d decern\u00e9 par \u201cThe Association of Gospel Music Ministries\u201d. Il est \u00e9galement invit\u00e9e \u00e0 faire partie de l\u2019album \u201cVoices\u201d, un disque compilation prim\u00e9 et rassemblant les meilleures musiques chorales du monde entier.<\/p>\n<p>En 1995, le MJGC se m\u00e9rite un prix \u201cJuno\u201d pour son album \u201cJubilation V: Joy to the World\u201d. En outre, il chante pour Nelson Mandela et la reine \u00c9lizabeth II, au cours de la m\u00eame ann\u00e9e. Payne, en plus de diriger le MJGC, est aussi un compositeur qui a \u00e9crit des oeuvres pour \u201cLes Ballets Jazz du Qu\u00e9bec\u201d. Il enseigne \u00e9galement la musique au coll\u00e8ge John Abbott.<\/p>\n<p>En f\u00e9vrier 1996, Payne est honor\u00e9 par la Soci\u00e9t\u00e9 des gradu\u00e9s de l\u2019Universit\u00e9 McGill de Montreal qui l\u2019\u00e9lit un des cinq gradu\u00e9s de race noire s\u2019\u00e9tant le plus illustr\u00e9 au cours des 175 ann\u00e9es d\u2019histoire de l\u2019Universit\u00e9. En avril de la m\u00eame ann\u00e9e, la Gazette de Montreal l\u2019inscrit sur la liste des dix meilleurs chefs d\u2019orchestre et de chorale de l\u2019histoire de la ville de Montreal.<\/p>\n<p>Au mois de juillet 2000, Payne re\u00e7oit le prix Thomas A.Dorsey pour son apport essentiel \u00e0 l\u2019\u00e9mergence de la musique gospel au Canada. Cette distinction lui est remise par Vision Awards inc. en collaboration avec le festival \u201cBluesfest\u201d d\u2019Ottawa.<\/p>\n<p>Au mois de mai 2001, la chorale entreprend une tourn\u00e9e triomphale en Europe, incluant la Belgique, la France et l\u2019Allemagne. Lors de son passage \u00e0 Coutances, le maire de la ville, Monsieur Lamy, rend hommage \u00e0 son fondateur et directeur en lui d\u00e9cernant la m\u00e9daille d\u2019honneur pour sa contribution exceptionnelle au rayonnement de la musique traditionnelle gospel en France.<\/p>\n<p>En mai 2009, la biographie du professeur Payne a \u00e9t\u00e9 inscrite dans le Canadian Who\u2019s Who 2010 (Volume XLV) c\u00e9l\u00e9brant son 100e anniversaire; cette r\u00e9f\u00e9rence hautement consid\u00e9r\u00e9e inclut les biographies des Canadiens influents, la m\u00eame ann\u00e9e, il a \u00e9t\u00e9 install\u00e9 dans le Panth\u00e9on du Hour Magazine, il a re\u00e7u la r\u00e9compense Image du Gala Soba pour sa contribution et son d\u00e9vouement pendant presque 30 ans, \u00e0 une des chorales Gospel les plus prestigieuses en Am\u00e9rique du Nord: le Montreal Jubilation Gospel Choir.<\/p>\n<p>Le Dr Payne est le fier r\u00e9cipiendaire des M\u00e9dailles du Jubil\u00e9 d\u2019Or et du Jubil\u00e9 de Diamant de la Reine et il a \u00e9t\u00e9 nomm\u00e9 Membre de l\u2019Ordre du Canada. En F\u00e9vrier 2014, lui et son choeur sont acclam\u00e9s internationalement pour leurs performances dans le chef d\u2019\u0153uvre de George Gershwin \u2018Porgy and Bess\u2019 produit par l\u2019Op\u00e9ra de Montr\u00e9al accumulant cinq repr\u00e9sentations cons\u00e9cutives \u00e0 guichet ferm\u00e9 \u00e0 la Salle WP de la PdA.<\/p>\n<p>En 2023, le Dr Payne a re\u00e7u le prix GMA Canada pour l&#8217;ensemble de sa carri\u00e8re, reconnaissant et honorant ses contributions et son soutien pendant des d\u00e9cennies en tant que champion de la musique chr\u00e9tienne et gospel au Canada.<\/p>\n<p>Le Dr Payne a pris sa retraite de la direction de la chorale en d\u00e9cembre 2018.<\/p>\n<p>[\/et_pb_text][\/et_pb_column][\/et_pb_row][et_pb_row column_structure=&#8221;1_2,1_2&#8243; disabled_on=&#8221;on|on|on&#8221; admin_label=&#8221;Row&#8221; module_id=&#8221;media-title&#8221; _builder_version=&#8221;4.16&#8243; background_size=&#8221;initial&#8221; background_position=&#8221;top_left&#8221; background_repeat=&#8221;repeat&#8221; disabled=&#8221;on&#8221; global_colors_info=&#8221;{}&#8221;][et_pb_column type=&#8221;1_2&#8243; _builder_version=&#8221;4.16&#8243; background_position=&#8221;top_left&#8221; custom_padding=&#8221;|||&#8221; global_colors_info=&#8221;{}&#8221; custom_padding__hover=&#8221;|||&#8221;][et_pb_text admin_label=&#8221;Media &#038; Videos&#8221; _builder_version=&#8221;4.16&#8243; border_style=&#8221;solid&#8221; global_colors_info=&#8221;{}&#8221;]<\/p>\n<h2>Vid\u00e9os<\/h2>\n<hr \/>\n<p>[\/et_pb_text][\/et_pb_column][et_pb_column type=&#8221;1_2&#8243; _builder_version=&#8221;4.16&#8243; background_position=&#8221;top_left&#8221; custom_padding=&#8221;|||&#8221; global_colors_info=&#8221;{}&#8221; custom_padding__hover=&#8221;|||&#8221;][\/et_pb_column][\/et_pb_row][et_pb_row column_structure=&#8221;1_2,1_2&#8243; admin_label=&#8221;Row&#8221; module_id=&#8221;audio-player&#8221; _builder_version=&#8221;4.16&#8243; global_colors_info=&#8221;{}&#8221;][et_pb_column type=&#8221;1_2&#8243; _builder_version=&#8221;4.16&#8243; background_position=&#8221;top_left&#8221; custom_padding=&#8221;|||&#8221; global_colors_info=&#8221;{}&#8221; custom_padding__hover=&#8221;|||&#8221;][et_pb_code admin_label=&#8221;video&#8221; _builder_version=&#8221;4.16&#8243; global_colors_info=&#8221;{}&#8221;]<iframe loading=\"lazy\" width=\"410\" height=\"231\" src=\"https:\/\/www.youtube.com\/embed\/xxE7xcmuQWA\" frameborder=\"0\" allowfullscreen><\/iframe>[\/et_pb_code][\/et_pb_column][et_pb_column type=&#8221;1_2&#8243; _builder_version=&#8221;4.16&#8243; background_position=&#8221;top_left&#8221; custom_padding=&#8221;|||&#8221; global_colors_info=&#8221;{}&#8221; custom_padding__hover=&#8221;|||&#8221;][et_pb_code admin_label=&#8221;video&#8221; _builder_version=&#8221;4.16&#8243; global_colors_info=&#8221;{}&#8221;]<iframe loading=\"lazy\" width=\"410\" height=\"231\" src=\"https:\/\/www.youtube.com\/embed\/8eJ9bmCVz7Y\" frameborder=\"0\" allowfullscreen><\/iframe>[\/et_pb_code][\/et_pb_column][\/et_pb_row][\/et_pb_section]<\/p>\n","protected":false},"excerpt":{"rendered":"<p>Dr. Trevor W. Payne, C.M.Biographie Trevor W. Payne a dix ans quand sa famille quitte la Barbade pour venir s\u2019installer \u00e0 Montreal. Il se consid\u00e8re comme un Montrealais \u00e0 part enti\u00e8re depuis lors. Il conna\u00eet du succ\u00e8s au cours des ann\u00e9es soixante avec le groupe \u201cTrevor Payne and the Triangle\u201d (plus tard \u201cKanda Kanda\u201d). Le [&hellip;]<\/p>\n","protected":false},"author":4,"featured_media":1927,"comment_status":"open","ping_status":"closed","template":"","meta":{"_et_pb_use_builder":"on","_et_pb_old_content":"","_et_gb_content_width":"","footnotes":""},"project_category":[],"project_tag":[],"class_list":["post-884","project","type-project","status-publish","has-post-thumbnail","hentry"],"_links":{"self":[{"href":"https:\/\/wildwestartistmanagement.com\/fr\/wp-json\/wp\/v2\/project\/884","targetHints":{"allow":["GET"]}}],"collection":[{"href":"https:\/\/wildwestartistmanagement.com\/fr\/wp-json\/wp\/v2\/project"}],"about":[{"href":"https:\/\/wildwestartistmanagement.com\/fr\/wp-json\/wp\/v2\/types\/project"}],"author":[{"embeddable":true,"href":"https:\/\/wildwestartistmanagement.com\/fr\/wp-json\/wp\/v2\/users\/4"}],"replies":[{"embeddable":true,"href":"https:\/\/wildwestartistmanagement.com\/fr\/wp-json\/wp\/v2\/comments?post=884"}],"version-history":[{"count":3,"href":"https:\/\/wildwestartistmanagement.com\/fr\/wp-json\/wp\/v2\/project\/884\/revisions"}],"predecessor-version":[{"id":2008,"href":"https:\/\/wildwestartistmanagement.com\/fr\/wp-json\/wp\/v2\/project\/884\/revisions\/2008"}],"wp:featuredmedia":[{"embeddable":true,"href":"https:\/\/wildwestartistmanagement.com\/fr\/wp-json\/wp\/v2\/media\/1927"}],"wp:attachment":[{"href":"https:\/\/wildwestartistmanagement.com\/fr\/wp-json\/wp\/v2\/media?parent=884"}],"wp:term":[{"taxonomy":"project_category","embeddable":true,"href":"https:\/\/wildwestartistmanagement.com\/fr\/wp-json\/wp\/v2\/project_category?post=884"},{"taxonomy":"project_tag","embeddable":true,"href":"https:\/\/wildwestartistmanagement.com\/fr\/wp-json\/wp\/v2\/project_tag?post=884"}],"curies":[{"name":"wp","href":"https:\/\/api.w.org\/{rel}","templated":true}]}}